{"id":345,"date":"2017-04-27T15:52:51","date_gmt":"2017-04-27T15:52:51","guid":{"rendered":"http:\/\/www.musikhaus-ammann.ch\/wp\/?page_id=345"},"modified":"2022-10-20T09:34:54","modified_gmt":"2022-10-20T09:34:54","slug":"konzerte","status":"publish","type":"page","link":"http:\/\/www.musikhaus-ammann.ch\/?page_id=345","title":{"rendered":"Konzerte"},"content":{"rendered":"<p><span style=\"color: #000000;\">Es spielt keine rolle ob Sie ein Instrument f\u00fcr Ihre Hochzeit, Geburtstagsfeier, Firmenanl\u00e4sse oder f\u00fcr das grosse Jahreskonzert Ihres Vereins mieten m\u00f6chten. Gerne besprechen wir gemeinsam Ihr Vorhaben, so das wir Ihnen die beste L\u00f6sung f\u00fcr einen unvergesslichen Anlass offerieren k\u00f6nnen. Wir freuen uns auf Ihre Anfrage<\/span><\/p>\n","protected":false},"excerpt":{"rendered":"<p>Es spielt keine rolle ob Sie ein Instrument f\u00fcr Ihre Hochzeit, Geburtstagsfeier, Firmenanl\u00e4sse oder f\u00fcr das grosse Jahreskonzert Ihres Vereins [&hellip;]<\/p>\n","protected":false},"author":1,"featured_media":0,"parent":17,"menu_order":0,"comment_status":"closed","ping_status":"closed","template":"","meta":{"footnotes":""},"class_list":["post-345","page","type-page","status-publish","hentry"],"_links":{"self":[{"href":"http:\/\/www.musikhaus-ammann.ch\/index.php?rest_route=\/wp\/v2\/pages\/345","targetHints":{"allow":["GET"]}}],"collection":[{"href":"http:\/\/www.musikhaus-ammann.ch\/index.php?rest_route=\/wp\/v2\/pages"}],"about":[{"href":"http:\/\/www.musikhaus-ammann.ch\/index.php?rest_route=\/wp\/v2\/types\/page"}],"author":[{"embeddable":true,"href":"http:\/\/www.musikhaus-ammann.ch\/index.php?rest_route=\/wp\/v2\/users\/1"}],"replies":[{"embeddable":true,"href":"http:\/\/www.musikhaus-ammann.ch\/index.php?rest_route=%2Fwp%2Fv2%2Fcomments&post=345"}],"version-history":[{"count":3,"href":"http:\/\/www.musikhaus-ammann.ch\/index.php?rest_route=\/wp\/v2\/pages\/345\/revisions"}],"predecessor-version":[{"id":813,"href":"http:\/\/www.musikhaus-ammann.ch\/index.php?rest_route=\/wp\/v2\/pages\/345\/revisions\/813"}],"up":[{"embeddable":true,"href":"http:\/\/www.musikhaus-ammann.ch\/index.php?rest_route=\/wp\/v2\/pages\/17"}],"wp:attachment":[{"href":"http:\/\/www.musikhaus-ammann.ch\/index.php?rest_route=%2Fwp%2Fv2%2Fmedia&parent=345"}],"curies":[{"name":"wp","href":"https:\/\/api.w.org\/{rel}","templated":true}]}}